{"id":140,"date":"2021-09-20T16:05:48","date_gmt":"2021-09-20T16:05:48","guid":{"rendered":"https:\/\/www.faiafinland.fi\/?page_id=140"},"modified":"2026-02-09T09:33:19","modified_gmt":"2026-02-09T09:33:19","slug":"edelliset-hallitukset","status":"publish","type":"page","link":"https:\/\/www.faiafinland.fi\/fi\/edelliset-hallitukset\/","title":{"rendered":"Edelliset hallitukset"},"content":{"rendered":"<h2><strong>FAIAn hallitus 2025<\/strong><\/h2>\n<p><strong>Puheenjohtaja:<\/strong> Susan El-Gendy<\/p>\n<p><strong>J\u00e4rjest\u00f6llinen varapuheenjohtaja:<\/strong> Aake Korhonen<\/p>\n<p><strong>Poliittinen varapuheenjohtaja:<\/strong> Emma Lahtinen<\/p>\n<p><strong>Rahastonhoitaja: <\/strong>Toivo Rovasalo<\/p>\n<p><strong>Varainhankintavastaava:<\/strong> Alexander Suhonen<\/p>\n<p><strong>J\u00e4senhankintavastaava: <\/strong>Erik J\u00e4rnefelt<\/p>\n<p><strong>Sihteeri:<\/strong> Aleksi Summanen<\/p>\n<p><strong>Ulkosuhdevastaava:<\/strong> Evilla Lumme<\/p>\n<p><strong>Kansainv\u00e4lisyysvastaava:<\/strong> Pele Kalanje<\/p>\n<p><strong>Viestint\u00e4vastaavat:<\/strong> Enni Levanen ja Venla Vehkakoski<\/p>\n<p><strong>Ty\u00f6el\u00e4m\u00e4vastaava:<\/strong> Vilma Tyrylahti<\/p>\n<p><strong>Tapahtumavastaava:<\/strong> Aaro Sintonen<\/p>\n<p><strong>Varaj\u00e4senet:<\/strong><\/p>\n<p>Nea Laine<\/p>\n<p>Joonatan P\u00f6ntinen<\/p>\n<p>Aarni Tiitinen<\/p>\n<p>Oliver Sulkanen<\/p>\n<p>Pekka Aalto<\/p>\n<p><!-- notionvc: 80fb0e28-455c-460d-8589-54b358d3984c --><\/p>\n<h2 style=\"text-align: left;\"><strong>FAIAn hallitus 2024<\/strong><\/h2>\n<p><strong>Puheenjohtaja<\/strong>: Nea Laine<br \/>\n<strong>J\u00e4rjest\u00f6llinen<\/strong> <strong>varapuheenjohtaja<\/strong>: Ella Hakala<br \/>\n<strong>Poliittinen<\/strong> <strong>varapuheenjohtaja<\/strong>: Joonas Turunen<br \/>\n<strong>Rahastonhoitaja: <\/strong>Inka Blomqvist<strong><br \/>\n<\/strong><strong>Varainhankintavastaava<\/strong>: Inka Blomqvist<br \/>\n<strong>Sihteeri<\/strong>: Ella Hakala<br \/>\n<strong>J\u00e4senhankintavastaava<\/strong>: Henrietta Mikkola<br \/>\n<span style=\"font-size: revert; color: var(--global-palette4);\"><strong>Ulkosuhdevastaava<\/strong>:<\/span><span style=\"font-size: revert; color: var(--global-palette4);\"> Joonatan P\u00f6ntinen<br \/>\n<\/span><strong>Kansainv\u00e4lisyysvastaava<\/strong>: Ella Hakala<br \/>\n<strong>Viestint\u00e4vastaavat<\/strong>: Henrietta Mikkola ja Tessa Kiviniemi<br \/>\n<strong>Ty\u00f6el\u00e4m\u00e4vastaavat<\/strong>: Joonas Turunen<\/p>\n<p><b>Varaj\u00e4senet: <\/b><b><br \/>\n<\/b><span style=\"font-weight: 400;\">Lotta Haataja<\/span><span style=\"font-weight: 400;\"><br \/>\n<\/span><span style=\"font-weight: 400;\">Anni Koivunen<\/span><span style=\"font-weight: 400;\"><br \/>\n<\/span><span style=\"font-weight: 400;\">Minni-Maija Manninen<\/span><\/p>\n<h2><strong>FAIAn hallitus 2023<\/strong><\/h2>\n<p><strong>Puheenjohtaja:<\/strong> Lotta Haataja<br \/>\n<strong>Varapuheenjohtaja:<\/strong> Oskari Portaankorva<br \/>\n<strong>Rahastonhoitaja:<\/strong> Inka Blomqvist<br \/>\n<strong>Varainhankintavastaava:<\/strong> Inka Blomqvist<br \/>\n<strong>Sihteeri:<\/strong> Anni Koivunen<br \/>\n<strong>Viestint\u00e4vastaava:<\/strong> Minni Manninen<br \/>\n<strong>Viestint\u00e4vastaava:<\/strong> Cecilia Ingman<br \/>\n<strong>Ty\u00f6el\u00e4m\u00e4vastaava:<\/strong> Anni Koivunen<br \/>\n<strong>Ty\u00f6el\u00e4m\u00e4vastaava:<\/strong> Oskari Portaankorva<br \/>\n<strong>Ulkosuhdevastaava:<\/strong> Minni Manninen<br \/>\n<strong>Kansainv\u00e4lisyysvastaava:<\/strong> Suvi Jaakkola<br \/>\n<strong>J\u00e4senhankintavastaava:<\/strong> Cecilia Ingman<br \/>\n<strong>Tapahtumavastaava:<\/strong> Joonas Turunen<\/p>\n<p><strong>Varaj\u00e4senet:<\/strong><b><br \/>\n<\/b>Konsta Partanen<br \/>\nTiia Saltiola<br \/>\nAmanda Laukkanen<\/p>\n<h2><strong>FAIAn hallitus 2022<\/strong><\/h2>\n<p><strong>Puheenjohtaja:<\/strong> Johannes V\u00e4nttinen<br \/>\n<strong>Varapuheenjohtaja:<\/strong> Amanda Laukkanen<br \/>\n<strong>Rahastonhoitaja:<\/strong> Konsta Partanen<br \/>\n<strong>Sihteeri:<\/strong> Vera Nieminen<br \/>\n<strong>Viestint\u00e4vastaava:<\/strong> Amanda Laurikainen<br \/>\n<strong>Viestint\u00e4vastaava:<\/strong> Cecilia Ingman<br \/>\n<strong>Ty\u00f6el\u00e4m\u00e4vastaava:<\/strong> Emma Tuomela<br \/>\n<strong>Ty\u00f6el\u00e4m\u00e4vastaava:<\/strong> Tuomas Riste<br \/>\n<strong>Ulkosuhdevastaava:<\/strong> Akseli M\u00e4enp\u00e4\u00e4<br \/>\n<strong>Kansainv\u00e4lisyysvastaava:<\/strong> Oskari Portaankorva<br \/>\n<strong>J\u00e4sen- ja varainhankintavastaava:<\/strong> Maija Hintikka<br \/>\n<strong>Tapahtumavastaava:<\/strong> Tiia Saltiola<\/p>\n<p><strong>Varaj\u00e4senet:<\/strong><br \/>\nKaroliina Vaakanainen<br \/>\nVilma Lintunen<\/p>\n<h2><strong>FAIAn hallitus 2021<\/strong><\/h2>\n<p><strong>Puheenjohtaja: <\/strong>Johannes V\u00e4nttinen\u00a0<i><br \/>\n<\/i><strong>Varapuheenjohtaja:\u00a0<\/strong>Karoliina Vaakanainen<br \/>\n<strong>Rahastonhoitaja:<\/strong> Tiia Saltiola<br \/>\n<strong>Sihteeri:\u00a0<\/strong>Vera Nieminen<br \/>\n<strong>Viestint\u00e4vastaava:<\/strong> Amanda Laukkanen<br \/>\n<strong>Viestint\u00e4vastaava:<\/strong> Amanda Laurikainen<br \/>\n<strong>Ty\u00f6el\u00e4m\u00e4vastaava:\u00a0<\/strong>Emma Tuomela<br \/>\n<strong>Ulkosuhdevastaava:<\/strong> Akseli M\u00e4enp\u00e4\u00e4<br \/>\n<strong>Kansainv\u00e4lisyysvastaava:\u00a0<\/strong>Jouni Kauremaa<br \/>\n<strong>J\u00e4sen- ja varainhankintavastaava:<\/strong> Vilma Lintunen<br \/>\n<strong>Tapahtumavastaava:<\/strong> Johan Tuomola<br \/>\n<strong>Hallituksen j\u00e4sen:<\/strong> Tuomas Riste<\/p>\n<p><strong>Varaj\u00e4senet:<\/strong><b><br \/>\n<\/b>Nico Salmela<br \/>\nVivian Tuominen<br \/>\nPihla Hankam\u00e4ki<br \/>\nKatarina Putilin<\/p>\n<h2><strong>FAIAn hallitus 2020<\/strong><\/h2>\n<p>Vivian Tuominen (puheenjohtaja)<br \/>\nTerhi Raikas (varapuheenjohtaja)<br \/>\nKaroliina Vaakanainen (talous- ja varainhankintavastaava)<br \/>\nPihla Hankam\u00e4ki (viestint\u00e4vastaava)<br \/>\nLaura Hild\u00e9n (ekskursio- ja yhteisty\u00f6vastaava)<br \/>\nJouni Kauremaa (kansainv\u00e4lisyysvastaava)<br \/>\nMari Puurunen (j\u00e4senhankintavastaava)<br \/>\nNico Salmela (tapahtumavastaava)<br \/>\nAini Laakso (Turun aluevastaava)<br \/>\nVera Nieminen (Tampereen aluevastaava)<br \/>\nRoope Rouvali (Helsingin aluevastaava)<br \/>\nTuomas Riste (Rovaniemen aluevastaava)<\/p>\n<h2><strong>FAIAn hallitus 2019<\/strong><\/h2>\n<p>Lara Anastasiou (puheenjohtaja)<br \/>\nAleksi Murtoj\u00e4rvi<br \/>\nAnniina Hentinen<br \/>\nElina Mustonen<br \/>\nIida Laurila<br \/>\nInka Reinola<br \/>\nJan Ihatsu<br \/>\nMeeri Smolander<br \/>\nSalla Jantunen<br \/>\nSara Sintonen<br \/>\nTiina Paakkari<br \/>\nValtteri Pulkkinen<br \/>\nVille Majamaa<\/p>\n<p><strong>Varaj\u00e4senet:<\/strong><b><br \/>\n<\/b>Eero Haapalehto<br \/>\nJoel Linnainm\u00e4ki<br \/>\nJuulia Heikkinen<br \/>\nTuuli Tomperi<br \/>\nVilma Maukonen<\/p>\n<h2><strong>FAIAn hallitus 2018<\/strong><\/h2>\n<p><strong>Puheenjohtaja<\/strong>: Joel Linnainm\u00e4ki, Helsinki\/Tampere<br \/>\n<strong>Varapuheenjohtaja<\/strong>: Lara Anastasiou, Helsinki<br \/>\n<strong>Sihteeri<\/strong>: Marja Papunen, Helsinki<br \/>\n<strong>Taloudenhoitaja<\/strong>: Juulia Heikkinen, Helsinki<br \/>\n<strong>Ekskursio- ja yhteisty\u00f6vastaava<\/strong>:\u00a0Maria Lavonen, Tampere<br \/>\n<strong>Ekskursio- ja yhteisty\u00f6vastaava<\/strong>: Emilia Tuurala<br \/>\n<strong>Tapahtumavastaava<\/strong>: Tuuli Tomperi, Tampere<br \/>\n<strong>Tapahtumavastaava<\/strong>: Milja Suihko, Tampere<br \/>\n<strong>Varainkeruukoordinaattori<\/strong>: Silja Markkula, Helsinki<br \/>\n<strong>Viestint\u00e4koordinaattori<\/strong>: Roosa K\u00e4sm\u00e4, Tampere<br \/>\n<strong>Viestint\u00e4koordinaattori<\/strong>: Vilma Maukonen, Helsinki<br \/>\n<strong>Ainej\u00e4rjest\u00f6koordinaattori<\/strong>: Milla Toivanen, Tampere<\/p>\n<h2><strong>FAIAn hallitus 2016\u20132017<\/strong><\/h2>\n<p><strong>Puheenjohtaja<\/strong>: Joel Linnainm\u00e4ki<br \/>\nJenni R\u00f6yn\u00e4<br \/>\nJuulia Heikkinen<br \/>\nLara Anastasiou<br \/>\nMaria Lavonen<br \/>\nMatleena Heikkinen<br \/>\nMilla Fav\u00e9n<br \/>\nOona Lohilahti<br \/>\nRiikka Ilmonen<br \/>\nTopias Tamminen<br \/>\nTuomas Tuure<br \/>\nTuuli Tomperi<\/p>\n","protected":false},"excerpt":{"rendered":"<p>FAIAn hallitus 2025 Puheenjohtaja: Susan El-Gendy J\u00e4rjest\u00f6llinen varapuheenjohtaja: Aake Korhonen Poliittinen varapuheenjohtaja: Emma Lahtinen Rahastonhoitaja: Toivo Rovasalo Varainhankintavastaava: Alexander Suhonen J\u00e4senhankintavastaava: Erik J\u00e4rnefelt Sihteeri: Aleksi Summanen Ulkosuhdevastaava: Evilla Lumme Kansainv\u00e4lisyysvastaava: Pele Kalanje Viestint\u00e4vastaavat: Enni Levanen ja Venla Vehkakoski Ty\u00f6el\u00e4m\u00e4vastaava: Vilma Tyrylahti Tapahtumavastaava: Aaro Sintonen Varaj\u00e4senet: Nea Laine Joonatan P\u00f6ntinen Aarni Tiitinen Oliver Sulkanen Pekka Aalto&#8230;<\/p>\n","protected":false},"author":1,"featured_media":0,"parent":0,"menu_order":0,"comment_status":"closed","ping_status":"closed","template":"","meta":{"_kadence_starter_templates_imported_post":false,"_kad_post_transparent":"","_kad_post_title":"","_kad_post_layout":"default","_kad_post_sidebar_id":"","_kad_post_content_style":"","_kad_post_vertical_padding":"","_kad_post_feature":"","_kad_post_feature_position":"","_kad_post_header":false,"_kad_post_footer":false,"footnotes":""},"class_list":["post-140","page","type-page","status-publish","hentry"],"_links":{"self":[{"href":"https:\/\/www.faiafinland.fi\/fi\/wp-json\/wp\/v2\/pages\/140","targetHints":{"allow":["GET"]}}],"collection":[{"href":"https:\/\/www.faiafinland.fi\/fi\/wp-json\/wp\/v2\/pages"}],"about":[{"href":"https:\/\/www.faiafinland.fi\/fi\/wp-json\/wp\/v2\/types\/page"}],"author":[{"embeddable":true,"href":"https:\/\/www.faiafinland.fi\/fi\/wp-json\/wp\/v2\/users\/1"}],"replies":[{"embeddable":true,"href":"https:\/\/www.faiafinland.fi\/fi\/wp-json\/wp\/v2\/comments?post=140"}],"version-history":[{"count":9,"href":"https:\/\/www.faiafinland.fi\/fi\/wp-json\/wp\/v2\/pages\/140\/revisions"}],"predecessor-version":[{"id":2965,"href":"https:\/\/www.faiafinland.fi\/fi\/wp-json\/wp\/v2\/pages\/140\/revisions\/2965"}],"wp:attachment":[{"href":"https:\/\/www.faiafinland.fi\/fi\/wp-json\/wp\/v2\/media?parent=140"}],"curies":[{"name":"wp","href":"https:\/\/api.w.org\/{rel}","templated":true}]}}